{"id":17054,"date":"2025-11-06T18:19:13","date_gmt":"2025-11-06T18:19:13","guid":{"rendered":"https:\/\/uniekproperties.com\/propiedades\/3-schlafzimmer-haus-costa-adeje\/"},"modified":"2025-11-06T18:19:13","modified_gmt":"2025-11-06T18:19:13","slug":"3-schlafzimmer-haus-costa-adeje","status":"publish","type":"inmoweb_property","link":"https:\/\/uniekproperties.com\/de\/propiedades\/3-schlafzimmer-haus-costa-adeje\/","title":{"rendered":"3 Schlafzimmer &#8211; Haus &#8211; Costa Adeje"},"content":{"rendered":"<p>Suchen Sie nach der perfekten Kombination aus Komfort, Stil und einer unschlagbaren Lage? Dann ist diese Immobilie genau das Richtige f\u00fcr Sie! Gelegen in der renommierten Wohnanlage Oasis de Fa\u00f1ab\u00e9 in Costa Adeje, bietet dieses Haus eine ruhige Umgebung, viel Tageslicht und eine hervorragende N\u00e4he zu allen wichtigen Annehmlichkeiten.<\/p>\n<p>Objektbeschreibung:<br \/>\n3 ger\u00e4umige und helle Schlafzimmer:<br \/>\nAlle Schlafzimmer sind mit warmen Farbt\u00f6nen gestaltet und verf\u00fcgen \u00fcber gro\u00dfe Fenster, die f\u00fcr viel Tageslicht sorgen. Eines der Hauptschlafzimmer hat direkten Zugang zu einem privaten Balkon mit Blick auf die Anlage.<\/p>\n<p>2 voll ausgestattete Badezimmer + 1 G\u00e4ste-WC:<br \/>\nDie Badezimmer sind mit eleganten Keramikfliesen ausgestattet. Zudem gibt es im Erdgeschoss ein zus\u00e4tzliches G\u00e4ste-WC, ideal f\u00fcr Besucher oder den t\u00e4glichen Gebrauch.<\/p>\n<p>Moderne und funktionale K\u00fcche:<br \/>\nDie K\u00fcche ist mit minimalistischen wei\u00dfen Schr\u00e4nken, Granit-Arbeitsfl\u00e4chen und Edelstahlger\u00e4ten ausgestattet. Ein gro\u00dfes Fenster sorgt f\u00fcr optimale Lichtverh\u00e4ltnisse. Das L-f\u00f6rmige Design maximiert den Platz und bietet Komfort und Funktionalit\u00e4t.<\/p>\n<p>Offener Wohn-Essbereich:<br \/>\nGer\u00e4umiges Wohnzimmer mit Essbereich, das direkt auf die private Terrasse f\u00fchrt. Der Essbereich ist mit einem eleganten Glastisch und einer stilvollen H\u00e4ngelampe ausgestattet.<\/p>\n<p>Private Terrasse und Garten:<br \/>\nDie Au\u00dfenterrasse ist mit pflegeleichtem Kunstrasen ausgestattet und bietet dank dekorativer Sichtschutzw\u00e4nde viel Privatsph\u00e4re. Perfekt, um das sonnige Wetter Teneriffas zu genie\u00dfen oder gesellige Treffen zu veranstalten.<\/p>\n<p>Gem\u00fctlicher Loungebereich im Obergeschoss:<br \/>\nIm Obergeschoss befindet sich ein gem\u00fctlicher Lounge-Bereich, der sich ideal als Leseecke oder Entspannungszone eignet.<\/p>\n<p>Vielseitiger Keller:<br \/>\nDie Immobilie verf\u00fcgt \u00fcber einen gro\u00dfz\u00fcgigen Keller, der als Lagerraum, Spielzimmer oder privates Fitnessstudio genutzt werden kann. Zus\u00e4tzlich gibt es eine Waschk\u00fcche sowie ein weiteres Badezimmer mit Dusche.<\/p>\n<p>Privatgarage:<br \/>\nGro\u00dfe Garage mit Platz f\u00fcr mehrere Fahrzeuge und direktem Zugang zum Haus, was Komfort und Sicherheit bietet.<\/p>\n<p>Merkmale der Wohnanlage:<br \/>\nGemeinschaftspool:<br \/>\nGenie\u00dfen Sie den gro\u00dfen Pool und die Gemeinschaftsbereiche, die von gepflegten G\u00e4rten umgeben sind \u2013 perfekt zum Entspannen und Erfrischen an warmen Tagen.<\/p>\n<p>Sicheres und privates Wohnumfeld:<br \/>\nDie Wohnanlage ist komplett abgeschlossen und bietet so Sicherheit und Ruhe f\u00fcr alle Bewohner.<\/p>\n<p>\u00dcber die Lage \u2013 Costa Adeje, Oasis de Fa\u00f1ab\u00e9:<br \/>\nCosta Adeje ist bekannt f\u00fcr seinen exklusiven Lebensstil und seine N\u00e4he zu einigen der sch\u00f6nsten Str\u00e4nde im S\u00fcden Teneriffas, wie dem Fa\u00f1ab\u00e9-Strand und dem El Duque-Strand. Die Gegend bietet zudem eine gro\u00dfe Auswahl an Restaurants, Einkaufszentren wie das Gran Sur, Schulen, medizinischen Einrichtungen und Parks. Die Wohnanlage Oasis de Fa\u00f1ab\u00e9 ist strategisch g\u00fcnstig gelegen und bietet eine schnelle Anbindung an die Autobahn sowie kurze Fahrzeiten zu den wichtigsten Attraktionen der Insel.<\/p>\n<p>Verpassen Sie nicht die Gelegenheit, diese gro\u00dfartige Immobilie in einer der besten Gegenden Teneriffas zu erwerben!<br \/>\nF\u00fcr weitere Informationen oder zur Vereinbarung eines Besichtigungstermins, kontaktieren Sie uns jetzt.[IW]<\/p>\n","protected":false},"excerpt":{"rendered":"<p>Suchen Sie nach der perfekten Kombination aus Komfort, Stil und einer unschlagbaren Lage? Dann ist diese Immobilie genau das Richtige f\u00fcr Sie! Gelegen in der renommierten Wohnanlage Oasis de Fa\u00f1ab\u00e9 in Costa Adeje, bietet dieses Haus eine ruhige Umgebung, viel Tageslicht und eine hervorragende N\u00e4he zu allen wichtigen Annehmlichkeiten. Objektbeschreibung: 3 ger\u00e4umige und helle Schlafzimmer: [&hellip;]<\/p>\n","protected":false},"featured_media":6782,"template":"","meta":[],"property_type":[110],"property_operation":[210],"property_condition":[],"class_list":["post-17054","inmoweb_property","type-inmoweb_property","status-publish","has-post-thumbnail","hentry","property_type-reihenhaus","property_operation-verkauf"],"_links":{"self":[{"href":"https:\/\/uniekproperties.com\/de\/wp-json\/wp\/v2\/properties\/17054","targetHints":{"allow":["GET"]}}],"collection":[{"href":"https:\/\/uniekproperties.com\/de\/wp-json\/wp\/v2\/properties"}],"about":[{"href":"https:\/\/uniekproperties.com\/de\/wp-json\/wp\/v2\/types\/inmoweb_property"}],"version-history":[{"count":0,"href":"https:\/\/uniekproperties.com\/de\/wp-json\/wp\/v2\/properties\/17054\/revisions"}],"wp:featuredmedia":[{"embeddable":true,"href":"https:\/\/uniekproperties.com\/de\/wp-json\/wp\/v2\/media\/6782"}],"wp:attachment":[{"href":"https:\/\/uniekproperties.com\/de\/wp-json\/wp\/v2\/media?parent=17054"}],"wp:term":[{"taxonomy":"property_type","embeddable":true,"href":"https:\/\/uniekproperties.com\/de\/wp-json\/wp\/v2\/property_type?post=17054"},{"taxonomy":"property_operation","embeddable":true,"href":"https:\/\/uniekproperties.com\/de\/wp-json\/wp\/v2\/property_operation?post=17054"},{"taxonomy":"property_condition","embeddable":true,"href":"https:\/\/uniekproperties.com\/de\/wp-json\/wp\/v2\/property_condition?post=17054"}],"curies":[{"name":"wp","href":"https:\/\/api.w.org\/{rel}","templated":true}]}}