{"id":17038,"date":"2025-12-08T21:00:19","date_gmt":"2025-12-08T21:00:19","guid":{"rendered":"https:\/\/uniekproperties.com\/propiedades\/1-chambre-appartement-playa-del-duque\/"},"modified":"2025-11-06T18:19:12","modified_gmt":"2025-11-06T18:19:12","slug":"1-chambre-appartement-playa-del-duque","status":"publish","type":"inmoweb_property","link":"https:\/\/uniekproperties.com\/fr\/propiedades\/1-chambre-appartement-playa-del-duque\/","title":{"rendered":"1 Chambre &#8211; Appartement &#8211; Playa del Duque"},"content":{"rendered":"<p>D\u00e9couvrez cet appartement charmant situ\u00e9 dans la zone exclusive de Costa Adeje, au sein du prestigieux Complexe Terraza del Duque. Cette propri\u00e9t\u00e9 offre la combinaison parfaite entre confort, style et emplacement, id\u00e9ale pour vivre ou investir dans une r\u00e9gion tr\u00e8s recherch\u00e9e.<\/p>\n<p>Situ\u00e9 au premier \u00e9tage, l\u2019appartement dispose d\u2019une superficie totale de 93 m\u00b2, comprenant 60 m\u00b2 d\u2019espace int\u00e9rieur et une grande terrasse de 33 m\u00b2. Son int\u00e9rieur se distingue par son design fonctionnel et son excellent \u00e9tat de conservation, offrant une atmosph\u00e8re chaleureuse et accueillante. La propri\u00e9t\u00e9 comprend une chambre double avec des armoires encastr\u00e9es, garantissant un espace de rangement optimal, ainsi qu\u2019une salle de bain moderne et pratique.<\/p>\n<p>La cuisine ind\u00e9pendante est enti\u00e8rement \u00e9quip\u00e9e et s\u2019ouvre sur une salle \u00e0 manger conviviale, id\u00e9ale pour partager des repas en famille ou entre amis. Les espaces de vie donnent sur une terrasse spacieuse, parfaite pour profiter du soleil, se d\u00e9tendre ou savourer des repas en plein air sous le merveilleux climat de Tenerife.<\/p>\n<p>Le Complexe Terraza del Duque est r\u00e9put\u00e9 pour ses installations de haute qualit\u00e9. Les r\u00e9sidents peuvent profiter d\u2019un magnifique jardin commun et de deux piscines chauff\u00e9es, parfaites pour une utilisation tout au long de l\u2019ann\u00e9e. De plus, le complexe dispose d\u2019un interphone et d\u2019un syst\u00e8me de s\u00e9curit\u00e9 garantissant tranquillit\u00e9 et intimit\u00e9 \u00e0 tout moment.<\/p>\n<p>L\u2019orientation sud de l\u2019appartement permet une luminosit\u00e9 naturelle tout au long de la journ\u00e9e, cr\u00e9ant un environnement lumineux et agr\u00e9able. Depuis la terrasse, vous pourrez profiter d\u2019une vue d\u00e9gag\u00e9e dans un cadre paisible et charmant.<\/p>\n<p>Les frais de communaut\u00e9 s\u2019\u00e9l\u00e8vent \u00e0 98 \u20ac par mois, couvrant l\u2019entretien des espaces communs et des installations. De plus, la propri\u00e9t\u00e9 offre la possibilit\u00e9 d\u2019\u00eatre utilis\u00e9e comme location de vacances (VV), ce qui en fait une excellente opportunit\u00e9 d\u2019investissement dans l\u2019une des zones les plus pris\u00e9es de Tenerife.<\/p>\n<p>Situ\u00e9 \u00e0 Costa Adeje, cet appartement b\u00e9n\u00e9ficie d\u2019un emplacement privil\u00e9gi\u00e9, \u00e0 proximit\u00e9 de toutes les commodit\u00e9s, notamment des restaurants, des boutiques, des supermarch\u00e9s et, bien s\u00fbr, des plages spectaculaires de la r\u00e9gion. C\u2019est l\u2019endroit id\u00e9al pour ceux qui recherchent un style de vie d\u00e9tendu avec des services de qualit\u00e9 et un climat ensoleill\u00e9 tout au long de l\u2019ann\u00e9e.<\/p>\n<p>Si vous recherchez une propri\u00e9t\u00e9 alliant confort, emplacement strat\u00e9gique et potentiel d\u2019investissement, cette opportunit\u00e9 est \u00e0 ne pas manquer. Contactez-nous pour plus d\u2019informations ou pour organiser une visite !<\/p>\n<p>Ne manquez pas cette opportunit\u00e9 unique. R\u00e9alisez votre r\u00eave \u00e0 Costa Adeje ![IW]<\/p>\n","protected":false},"excerpt":{"rendered":"<p>D\u00e9couvrez cet appartement charmant situ\u00e9 dans la zone exclusive de Costa Adeje, au sein du prestigieux Complexe Terraza del Duque. Cette propri\u00e9t\u00e9 offre la combinaison parfaite entre confort, style et emplacement, id\u00e9ale pour vivre ou investir dans une r\u00e9gion tr\u00e8s recherch\u00e9e. Situ\u00e9 au premier \u00e9tage, l\u2019appartement dispose d\u2019une superficie totale de 93 m\u00b2, comprenant 60 [&hellip;]<\/p>\n","protected":false},"featured_media":7252,"template":"","meta":[],"property_type":[94],"property_operation":[209],"property_condition":[],"class_list":["post-17038","inmoweb_property","type-inmoweb_property","status-publish","has-post-thumbnail","hentry","property_type-appartement","property_operation-vente"],"_links":{"self":[{"href":"https:\/\/uniekproperties.com\/fr\/wp-json\/wp\/v2\/properties\/17038","targetHints":{"allow":["GET"]}}],"collection":[{"href":"https:\/\/uniekproperties.com\/fr\/wp-json\/wp\/v2\/properties"}],"about":[{"href":"https:\/\/uniekproperties.com\/fr\/wp-json\/wp\/v2\/types\/inmoweb_property"}],"version-history":[{"count":0,"href":"https:\/\/uniekproperties.com\/fr\/wp-json\/wp\/v2\/properties\/17038\/revisions"}],"wp:featuredmedia":[{"embeddable":true,"href":"https:\/\/uniekproperties.com\/fr\/wp-json\/wp\/v2\/media\/7252"}],"wp:attachment":[{"href":"https:\/\/uniekproperties.com\/fr\/wp-json\/wp\/v2\/media?parent=17038"}],"wp:term":[{"taxonomy":"property_type","embeddable":true,"href":"https:\/\/uniekproperties.com\/fr\/wp-json\/wp\/v2\/property_type?post=17038"},{"taxonomy":"property_operation","embeddable":true,"href":"https:\/\/uniekproperties.com\/fr\/wp-json\/wp\/v2\/property_operation?post=17038"},{"taxonomy":"property_condition","embeddable":true,"href":"https:\/\/uniekproperties.com\/fr\/wp-json\/wp\/v2\/property_condition?post=17038"}],"curies":[{"name":"wp","href":"https:\/\/api.w.org\/{rel}","templated":true}]}}